{"id":7634,"date":"2022-10-21T13:44:42","date_gmt":"2022-10-21T13:44:42","guid":{"rendered":"https:\/\/www.literaturadefronteras.cl\/ldf\/?page_id=7634"},"modified":"2024-08-26T02:34:28","modified_gmt":"2024-08-26T02:34:28","slug":"tatiana-calderon-le-joliff","status":"publish","type":"page","link":"https:\/\/www.literaturadefronteras.cl\/ldf\/tatiana-calderon-le-joliff\/","title":{"rendered":"Tatiana Calder\u00f3n Le Joliff"},"content":{"rendered":"<div id=\"tdi_1\" class=\"tdc-zone\"><div class=\"tdc_zone tdi_2  wpb_row td-pb-row\"  >\n<style scoped>\n\/* custom css - generated by TagDiv Composer *\/\n\n\/* custom css - generated by TagDiv Composer *\/\n\/* custom css - generated by TagDiv Composer *\/\n.tdi_2{\r\n                    min-height: 0;\r\n                }\n<\/style><div id=\"tdi_3\" class=\"tdc-row\"><div class=\"vc_row tdi_4  wpb_row td-pb-row\" >\n<style scoped>\n\/* custom css - generated by TagDiv Composer *\/\n\n\/* custom css - generated by TagDiv Composer *\/\n\/* custom css - generated by TagDiv Composer *\/\n.tdi_4,\r\n                .tdi_4 .tdc-columns{\r\n                    min-height: 0;\r\n                }.tdi_4,\r\n\t\t\t\t.tdi_4 .tdc-columns{\r\n\t\t\t\t    display: block;\r\n\t\t\t\t}.tdi_4 .tdc-columns{\r\n\t\t\t\t    width: 100%;\r\n\t\t\t\t}\n<\/style><div class=\"vc_column tdi_6  wpb_column vc_column_container tdc-column td-pb-span12\">\n<style scoped>\n\/* custom css - generated by TagDiv Composer *\/\n\n\/* custom css - generated by TagDiv Composer *\/\n\/* custom css - generated by TagDiv Composer *\/\n.tdi_6{\r\n                    vertical-align: baseline;\r\n                }.tdi_6 > .wpb_wrapper,\r\n\t\t\t\t.tdi_6 > .wpb_wrapper > .tdc-elements{\r\n\t\t\t\t    display: block;\r\n\t\t\t\t}.tdi_6 > .wpb_wrapper > .tdc-elements{\r\n\t\t\t\t    width: 100%;\r\n\t\t\t\t}.tdi_6 > .wpb_wrapper > .vc_row_inner{\r\n\t\t\t\t    width: auto;\r\n\t\t\t\t}.tdi_6 > .wpb_wrapper{\r\n\t\t\t\t    width: auto;\r\n\t\t\t\t    height: auto;\r\n\t\t\t\t}\n<\/style><div class=\"wpb_wrapper\" ><div class=\"tdm_block td_block_wrap tdm_block_column_title tdi_7 tdm-content-horiz-center td-pb-border-top td_block_template_1\"  data-td-block-uid=\"tdi_7\" >\n<style>\n\n\/* inline tdc_css att - generated by TagDiv Composer *\/\n\n.tdi_7{\npadding-top:70px !important;\npadding-bottom:0px !important;\n}\n\n\/* landscape *\/\n@media (min-width: 1019px) and (max-width: 1140px)\n{\n.tdi_7{\npadding-top:60px !important;\npadding-bottom:30px !important;\n}\n}\n\n\/* portrait *\/\n@media (min-width: 768px) and (max-width: 1018px)\n{\n.tdi_7{\npadding-top:40px !important;\npadding-bottom:25px !important;\n}\n}\n\n\/* phone *\/\n@media (max-width: 767px)\n{\n.tdi_7{\npadding-top:40px !important;\npadding-bottom:25px !important;\n}\n}\n\n<\/style>\n<style>\n\/* custom css - generated by TagDiv Composer *\/\n\/* custom css - generated by TagDiv Composer *\/\n.tdm_block_column_title{\r\n                  margin-bottom: 0;\r\n                  display: inline-block;\r\n                  width: 100%;\r\n                }\n<\/style><div class=\"td-block-row\"><div class=\"td-block-span12 tdm-col\">\n<style>\n\/* custom css - generated by TagDiv Composer *\/\n\/* custom css - generated by TagDiv Composer *\/\nbody .tdi_8 .tdm-title{\r\n\t\t\t\t\tbackground-color: #000000;\r\n\t\t\t\t\t-webkit-background-clip: text;\r\n\t\t\t\t\t-webkit-text-fill-color: transparent;\r\n\t\t\t\t}html[class*='ie'] .tdi_8 .tdm-title{\r\n\t\t\t\t    background: none;\r\n\t\t\t\t\tcolor: #000000;\r\n\t\t\t\t}.tdi_8 .tdm-title{\r\n\t\t\t\t\tfont-family:Chivo !important;font-size:54px !important;line-height:1.1 !important;font-weight:900 !important;\r\n\t\t\t\t}\n\n\/* landscape *\/\n@media (min-width: 1019px) and (max-width: 1140px){\n\/* custom css - generated by TagDiv Composer *\/\n.tdi_8 .tdm-title{\r\n\t\t\t\t\tfont-size:50px !important;\r\n\t\t\t\t}\n}\n\n\/* portrait *\/\n@media (min-width: 768px) and (max-width: 1018px){\n\/* custom css - generated by TagDiv Composer *\/\n.tdi_8 .tdm-title{\r\n\t\t\t\t\tfont-size:42px !important;\r\n\t\t\t\t}\n}\n\n\/* phone *\/\n@media (max-width: 767px){\n\/* custom css - generated by TagDiv Composer *\/\n.tdi_8 .tdm-title{\r\n\t\t\t\t\tfont-size:40px !important;\r\n\t\t\t\t}\n}\n<\/style><div class=\"tds-title tds-title1 td-fix-index tdi_8 \"><h3 class=\"tdm-title tdm-title-sm\">Tatiana Calder\u00f3n Le Joliff<\/h3><\/div><\/div><\/div><\/div><div class=\"vc_row_inner tdi_10  vc_row vc_inner wpb_row td-pb-row\" >\n<style scoped>\n\/* custom css - generated by TagDiv Composer *\/\n\n\/* custom css - generated by TagDiv Composer *\/\n\/* custom css - generated by TagDiv Composer *\/\n.tdi_10{\r\n                    position: relative !important;\r\n                    top: 0;\r\n                    transform: none;\r\n                    -webkit-transform: none;\r\n                }.tdi_10,\r\n\t\t\t\t.tdi_10 .tdc-inner-columns{\r\n\t\t\t\t    display: block;\r\n\t\t\t\t}.tdi_10 .tdc-inner-columns{\r\n\t\t\t\t    width: 100%;\r\n\t\t\t\t}\n<\/style><div class=\"vc_column_inner tdi_12  wpb_column vc_column_container tdc-inner-column td-pb-span12\">\n<style scoped>\n\/* custom css - generated by TagDiv Composer *\/\n\n\/* custom css - generated by TagDiv Composer *\/\n\/* custom css - generated by TagDiv Composer *\/\n.tdi_12{\r\n                    vertical-align: baseline;\r\n                }.tdi_12 .vc_column-inner > .wpb_wrapper,\r\n\t\t\t\t.tdi_12 .vc_column-inner > .wpb_wrapper .tdc-elements{\r\n\t\t\t\t    display: block;\r\n\t\t\t\t}.tdi_12 .vc_column-inner > .wpb_wrapper .tdc-elements{\r\n\t\t\t\t    width: 100%;\r\n\t\t\t\t}\n<\/style><div class=\"vc_column-inner\"><div class=\"wpb_wrapper\" ><div class=\"td_block_wrap tds_plans_description tdi_13  td_block_template_1\"  data-td-block-uid=\"tdi_13\"  data-type-from-block=\"free\">\n<style>\n\/* custom css - generated by TagDiv Composer *\/\n\/* custom css - generated by TagDiv Composer *\/\n.tds_plans_description{\r\n                    margin-bottom: 0;\r\n                    vertical-align: top;\r\n                }.tds_plans_description .tds-block-inner{\r\n                    display: flex;\r\n                }.tds_plans_description .tds-plan-desc,\r\n                .tds_plans_description .tds-pd-placeholder{\r\n                    font-family: var(--td_default_google_font_1, 'Open Sans', 'Open Sans Regular', sans-serif);\r\n                    font-size: 16px;\r\n                    line-height: 28px;\r\n                }.tds_plans_description .tds-plan-desc{\r\n                    -webkit-transform: translateZ(0);\r\n                    transform: translateZ(0);\r\n                    width: 100%;\r\n                    color: #666;\r\n                }.tds_plans_description .tds-show-plan-desc{\r\n                    display: none;\r\n                }.tds_plans_description .tds-show-plan-visible{\r\n                    display: block;\r\n                }.tds_plans_description .tds-pd-placeholder{\r\n                    width: 0;\r\n                    overflow: hidden;\r\n                    white-space: nowrap;\r\n                }body .tdi_13{\r\n                    vertical-align: top;\r\n                }body .tdi_13 .tds-plan-desc,\r\n                body .tdi_13 .tds-pd-placeholder{\r\n                    text-align: center;\r\n                }\n<\/style><div class=\"tds-block-inner td-fix-index\"><div class=\"tds-plan-desc\" data-type=\"year\">INVESTIGADORA RESPONSABLE<\/div><\/div><\/div><\/div><\/div><\/div><\/div><\/div><\/div><\/div><\/div><div id=\"tdi_14\" class=\"tdc-row\"><div class=\"vc_row tdi_15  wpb_row td-pb-row\" >\n<style scoped>\n\/* custom css - generated by TagDiv Composer *\/\n\n\/* custom css - generated by TagDiv Composer *\/\n\/* custom css - generated by TagDiv Composer *\/\n.tdi_15,\r\n                .tdi_15 .tdc-columns{\r\n                    min-height: 0;\r\n                }.tdi_15,\r\n\t\t\t\t.tdi_15 .tdc-columns{\r\n\t\t\t\t    display: block;\r\n\t\t\t\t}.tdi_15 .tdc-columns{\r\n\t\t\t\t    width: 100%;\r\n\t\t\t\t}\n<\/style><div class=\"vc_column tdi_17  wpb_column vc_column_container tdc-column td-pb-span12\">\n<style scoped>\n\/* custom css - generated by TagDiv Composer *\/\n\n\/* custom css - generated by TagDiv Composer *\/\n\/* custom css - generated by TagDiv Composer *\/\n.tdi_17{\r\n                    vertical-align: baseline;\r\n                }.tdi_17 > .wpb_wrapper,\r\n\t\t\t\t.tdi_17 > .wpb_wrapper > .tdc-elements{\r\n\t\t\t\t    display: block;\r\n\t\t\t\t}.tdi_17 > .wpb_wrapper > .tdc-elements{\r\n\t\t\t\t    width: 100%;\r\n\t\t\t\t}.tdi_17 > .wpb_wrapper > .vc_row_inner{\r\n\t\t\t\t    width: auto;\r\n\t\t\t\t}.tdi_17 > .wpb_wrapper{\r\n\t\t\t\t    width: auto;\r\n\t\t\t\t    height: auto;\r\n\t\t\t\t}\n<\/style><div class=\"wpb_wrapper\" ><div class=\"vc_row_inner tdi_19  vc_row vc_inner wpb_row td-pb-row\" >\n<style scoped>\n\/* custom css - generated by TagDiv Composer *\/\n\n\/* custom css - generated by TagDiv Composer *\/\n\/* custom css - generated by TagDiv Composer *\/\n.tdi_19{\r\n                    position: relative !important;\r\n                    top: 0;\r\n                    transform: none;\r\n                    -webkit-transform: none;\r\n                }.tdi_19,\r\n\t\t\t\t.tdi_19 .tdc-inner-columns{\r\n\t\t\t\t    display: block;\r\n\t\t\t\t}.tdi_19 .tdc-inner-columns{\r\n\t\t\t\t    width: 100%;\r\n\t\t\t\t}\n<\/style><div class=\"vc_column_inner tdi_21  wpb_column vc_column_container tdc-inner-column td-pb-span12\">\n<style scoped>\n\/* custom css - generated by TagDiv Composer *\/\n\n\/* custom css - generated by TagDiv Composer *\/\n\/* custom css - generated by TagDiv Composer *\/\n.tdi_21{\r\n                    vertical-align: baseline;\r\n                }.tdi_21 .vc_column-inner > .wpb_wrapper,\r\n\t\t\t\t.tdi_21 .vc_column-inner > .wpb_wrapper .tdc-elements{\r\n\t\t\t\t    display: block;\r\n\t\t\t\t}.tdi_21 .vc_column-inner > .wpb_wrapper .tdc-elements{\r\n\t\t\t\t    width: 100%;\r\n\t\t\t\t}\n<\/style><div class=\"vc_column-inner\"><div class=\"wpb_wrapper\" ><div class=\"tdm_block td_block_wrap tdm_block_text_image tdi_22 td-animation-stack tdm-layout-23-13 tdm-content-horiz-left tdm-content-vert-center td-pb-border-top td_block_template_1\"  data-td-block-uid=\"tdi_22\" >\n<style>\n\/* custom css - generated by TagDiv Composer *\/\n\/* custom css - generated by TagDiv Composer *\/\n\r\n                \r\n                .tdm_block_text_image .tdm-text-wrap{\r\n                  padding-top: 20px;\r\n                  padding-bottom: 20px;\r\n                }.tdm_block_text_image .tdm-descr{\r\n                  margin-bottom: 0;\r\n                }.tdm_block_text_image .tds-button{\r\n                  margin-top: 30px;\r\n                }.tdi_22 .tdm-descr{\r\n                    color: #0a0a0a;\r\n                \r\n\t\t\t\t\tfont-size:26px !important;line-height:130% !important;letter-spacing:- !important;\r\n\t\t\t\t}@media (min-width: 767px) {\r\n                  .tdm_block_text_image.tdm-text-image-extend-img {\r\n                    margin-right: calc((-100vw + 100%) \/ 2);\r\n                  }\r\n                  .tdm_block_text_image.tdm-text-image-extend-img.tdm-flip-yes {\r\n                    margin-right: 0;\r\n                    margin-left: calc((-100vw + 100%) \/ 2);\r\n                  }\r\n                  .tdm_block_text_image.tdm-text-image-extend-img.tdm-flip-yes .tdm-col-img {\r\n                    text-align: right;\r\n                  }\r\n                }@media (max-width: 767px) {\r\n                  .tdm_block_text_image .tdm-col-img {\r\n                    margin-top: 36px;\r\n                  }\r\n                  .tdm_block_text_image.tdm-flip-yes .tdm-col-img {\r\n                    margin-top: 0;\r\n                    margin-bottom: 15px;\r\n                  }\r\n                }\n<\/style><div class=\"td-block-width tdm-fix-full\"><div class=\"td-block-row tdm-row\"><div class=\"td-block-span6 tdm-col\"><div class=\"tdm-text-wrap tdm-text-padding\">\n<style>\n\/* custom css - generated by TagDiv Composer *\/\n\/* custom css - generated by TagDiv Composer *\/\n.tdi_23 .tdm-title{\r\n\t\t\t\t\tfont-size:80px !important;font-weight:700 !important;\r\n\t\t\t\t}\n<\/style><div class=\"tds-title tds-title1 td-fix-index tdi_23 \"><h1 class=\"tdm-title tdm-title-bg\"><\/h1><\/div><p class=\"tdm-descr td-fix-index\">Tatiana Calder\u00f3n Le Joliff es Doctora en Literatura Comparada (2007) de la Universidad de Paris XIII-Nord y de la Pontificia Universidad Cat\u00f3lica de Chile. Su campo de investigaci\u00f3n abarca las literaturas contempor\u00e1neas franc\u00f3fonas, hispan\u00f3fonas y angl\u00f3fonas, los estudios literarios fronterizos y migratorios, la po\u00e9tica comparada y la mitocr\u00edtica. Actualmente, realiza un proyecto de investigaci\u00f3n Fondecyt Regular n\u00b01220637 (2022-2025) titulado \u201cCorpograf\u00edas en la literatura de migraci\u00f3n: las Am\u00e9ricas (2000-2020)\u201d centr\u00e1ndose en cuatro pa\u00edses (Chile, M\u00e9xico, Estados Unidos, Canad\u00e1). <\/p><\/div><\/div><div class=\"td-block-span6 tdm-col tdm-col-img\"><img class=\"tdm-image td-fix-index td-lazy-img\" data-type=\"image_tag\" data-img-url=\"https:\/\/www.literaturadefronteras.cl\/ldf\/wp-content\/uploads\/2024\/08\/Foto-TC-LDF-scaled-e1724637381562.jpg\"  title=\"Foto TC LDF\" width=\"1604\" height=\"1702\"><\/div><\/div><\/div><\/div><\/div><\/div><\/div><\/div><div class=\"td_block_wrap td_block_text_with_title tdi_24 tagdiv-type td-pb-border-top td_block_template_1\"  data-td-block-uid=\"tdi_24\" >\n<style>\n\/* custom css - generated by TagDiv Composer *\/\n\/* custom css - generated by TagDiv Composer *\/\n.td_block_text_with_title{\r\n                  margin-bottom: 44px;\r\n                  -webkit-transform: translateZ(0);\r\n                  transform: translateZ(0);\r\n                }.td_block_text_with_title p:last-child{\r\n                  margin-bottom: 0;\r\n                }.tdi_24,\r\n                .tdi_24 p{\r\n\t\t\t        font-size:20px !important;\r\n\t\t        }.tdi_24 h1{\r\n\t\t\t        font-weight:100 !important;\r\n\t\t        }.tdi_24 a{\r\n\t\t\t        color: #1e73be;\r\n\t\t        }\n<\/style><div class=\"td-block-title-wrap\"><\/div><div class=\"td_mod_wrap td-fix-index\"><section class=\"informacion-completa horizon\">\n<article class=\"common-box common-box--horizontal common-box--horizontal--top\">\n<div class=\"common-box__body\">\n<h2 class=\"p-summary common-box__excerpt merri light\">Desarroll\u00f3 un proyecto Fondecyt Regular n\u00b01151147 (2015-2019) en el campo de los estudios literarios fronterizos, titulado \u201cHistoria y memoria en la literatura de frontera: <em>Butamal\u00f3n<\/em> (1996) de E. Labarca, <em>Se\u00f1ales que preceder\u00e1n al fin del mundo<\/em> (2009) de Y. Herrera, <em>Waiting for the Barbarians <\/em>(1980) de J.M. Coetzee y <em>Le Rivage des Syrtes<\/em> (1951) de J. Gracq\u201d. A ra\u00edz de este proyecto, se cre\u00f3 la p\u00e1gina web <a href=\"http:\/\/literaturadefronteras.cl\">www.literaturadefronteras.cl<\/a>, plataforma digital de reflexi\u00f3n sobre problem\u00e1ticas fronterizas (Historia\/Memoria, Migraci\u00f3n, Traducci\u00f3n, Identidad, Cuerpo) y se realiz\u00f3 el cortometraje \u201cFronteras\u201d: <a href=\"http:\/\/www.literaturadefronteras.cl\/cortometraje-fronteras-2019\/\">http:\/\/www.literaturadefronteras.cl\/cortometraje-fronteras-2019\/<\/a>. Realiz\u00f3 tambi\u00e9n el proyecto Fondecyt Iniciaci\u00f3n de Chile n\u00b011121303 (2012-2014) titulado \u201cLa po\u00e9tica de la frontera en la literatura hispanoamericana contempor\u00e1nea (Chile-M\u00e9xico)\u201d. Uno de los resultados de este proyecto fue la co-edici\u00f3n del libro <em>Afpunmapu \/ Fronteras \/ Borderlands. Po\u00e9tica de los confines: Chile-M\u00e9xico<\/em> (EUV, 2015).<\/h2>\n<\/div>\n<\/article>\n<\/section>\n<\/div><\/div><div class=\"wpb_wrapper td_block_empty_space td_block_wrap vc_empty_space tdi_26 \"  style=\"height: 32px\"><\/div><div class=\"wpb_wrapper td_block_empty_space td_block_wrap vc_empty_space tdi_28 \"  style=\"height: 150px\"><\/div><\/div><\/div><\/div><\/div><\/div><\/div>","protected":false},"excerpt":{"rendered":"","protected":false},"author":1,"featured_media":0,"parent":0,"menu_order":0,"comment_status":"closed","ping_status":"closed","template":"","meta":{"footnotes":""},"class_list":["post-7634","page","type-page","status-publish"],"aioseo_notices":[],"aioseo_head":"\n\t\t<!-- All in One SEO 5.0.1.1 - aioseo.com -->\n\t<meta name=\"description\" content=\"Tatiana Calder\u00f3n Le Joliff INVESTIGADORA RESPONSABLE Tatiana Calder\u00f3n Le Joliff es Doctora en Literatura Comparada (2007) de la Universidad de Paris XIII-Nord y de la Pontificia Universidad Cat\u00f3lica de Chile. Su campo de investigaci\u00f3n abarca las literaturas contempor\u00e1neas franc\u00f3fonas, hispan\u00f3fonas y angl\u00f3fonas, los estudios literarios fronterizos y migratorios, la po\u00e9tica comparada y la mitocr\u00edtica. Actualmente,\" \/>\n\t<meta name=\"robots\" content=\"max-image-preview:large\" \/>\n\t<link rel=\"canonical\" href=\"https:\/\/www.literaturadefronteras.cl\/ldf\/tatiana-calderon-le-joliff\/\" \/>\n\t<meta name=\"generator\" content=\"All in One SEO (AIOSEO) 5.0.1.1\" \/>\n\t\t<meta property=\"og:locale\" content=\"es_ES\" \/>\n\t\t<meta property=\"og:site_name\" content=\"Literatura de Fronteras - El presente proyecto (2015-2019) constituye la prolongacio\u0301n y ampliacio\u0301n del proyecto titulado \u201cLa poe\u0301tica de la frontera en la literatura hispanoamericana contempora\u0301nea (Chile-Me\u0301xico)\u201d\" \/>\n\t\t<meta property=\"og:type\" content=\"article\" \/>\n\t\t<meta property=\"og:title\" content=\"Tatiana Calder\u00f3n Le Joliff - Literatura de Fronteras\" \/>\n\t\t<meta property=\"og:description\" content=\"Tatiana Calder\u00f3n Le Joliff INVESTIGADORA RESPONSABLE Tatiana Calder\u00f3n Le Joliff es Doctora en Literatura Comparada (2007) de la Universidad de Paris XIII-Nord y de la Pontificia Universidad Cat\u00f3lica de Chile. Su campo de investigaci\u00f3n abarca las literaturas contempor\u00e1neas franc\u00f3fonas, hispan\u00f3fonas y angl\u00f3fonas, los estudios literarios fronterizos y migratorios, la po\u00e9tica comparada y la mitocr\u00edtica. Actualmente,\" \/>\n\t\t<meta property=\"og:url\" content=\"https:\/\/www.literaturadefronteras.cl\/ldf\/tatiana-calderon-le-joliff\/\" \/>\n\t\t<meta property=\"article:published_time\" content=\"2022-10-21T13:44:42+00:00\" \/>\n\t\t<meta property=\"article:modified_time\" content=\"2024-08-26T02:34:28+00:00\" \/>\n\t\t<meta name=\"twitter:card\" content=\"summary_large_image\" \/>\n\t\t<meta name=\"twitter:title\" content=\"Tatiana Calder\u00f3n Le Joliff - Literatura de Fronteras\" \/>\n\t\t<meta name=\"twitter:description\" content=\"Tatiana Calder\u00f3n Le Joliff INVESTIGADORA RESPONSABLE Tatiana Calder\u00f3n Le Joliff es Doctora en Literatura Comparada (2007) de la Universidad de Paris XIII-Nord y de la Pontificia Universidad Cat\u00f3lica de Chile. Su campo de investigaci\u00f3n abarca las literaturas contempor\u00e1neas franc\u00f3fonas, hispan\u00f3fonas y angl\u00f3fonas, los estudios literarios fronterizos y migratorios, la po\u00e9tica comparada y la mitocr\u00edtica. Actualmente,\" \/>\n\t\t<script type=\"application\/ld+json\" class=\"aioseo-schema\">\n\t\t\t{\"@context\":\"https:\\\/\\\/schema.org\",\"@graph\":[{\"@type\":\"BreadcrumbList\",\"@id\":\"https:\\\/\\\/www.literaturadefronteras.cl\\\/ldf\\\/tatiana-calderon-le-joliff\\\/#breadcrumblist\",\"itemListElement\":[{\"@type\":\"ListItem\",\"@id\":\"https:\\\/\\\/www.literaturadefronteras.cl\\\/ldf#listItem\",\"position\":1,\"name\":\"Home\",\"item\":\"https:\\\/\\\/www.literaturadefronteras.cl\\\/ldf\",\"nextItem\":{\"@type\":\"ListItem\",\"@id\":\"https:\\\/\\\/www.literaturadefronteras.cl\\\/ldf\\\/tatiana-calderon-le-joliff\\\/#listItem\",\"name\":\"Tatiana Calder\\u00f3n Le Joliff\"}},{\"@type\":\"ListItem\",\"@id\":\"https:\\\/\\\/www.literaturadefronteras.cl\\\/ldf\\\/tatiana-calderon-le-joliff\\\/#listItem\",\"position\":2,\"name\":\"Tatiana Calder\\u00f3n Le Joliff\",\"previousItem\":{\"@type\":\"ListItem\",\"@id\":\"https:\\\/\\\/www.literaturadefronteras.cl\\\/ldf#listItem\",\"name\":\"Home\"}}]},{\"@type\":\"Organization\",\"@id\":\"https:\\\/\\\/www.literaturadefronteras.cl\\\/ldf\\\/#organization\",\"name\":\"Literatura de Fronteras\",\"description\":\"El presente proyecto (2015-2019) constituye la prolongacio\\u0301n y ampliacio\\u0301n del proyecto titulado \\u201cLa poe\\u0301tica de la frontera en la literatura hispanoamericana contempora\\u0301nea (Chile-Me\\u0301xico)\\u201d\",\"url\":\"https:\\\/\\\/www.literaturadefronteras.cl\\\/ldf\\\/\",\"logo\":{\"@type\":\"ImageObject\",\"url\":\"https:\\\/\\\/www.literaturadefronteras.cl\\\/ldf\\\/wp-content\\\/uploads\\\/2022\\\/10\\\/logo-literatura-fronteras.png\",\"@id\":\"https:\\\/\\\/www.literaturadefronteras.cl\\\/ldf\\\/tatiana-calderon-le-joliff\\\/#organizationLogo\",\"width\":272,\"height\":90},\"image\":{\"@id\":\"https:\\\/\\\/www.literaturadefronteras.cl\\\/ldf\\\/tatiana-calderon-le-joliff\\\/#organizationLogo\"}},{\"@type\":\"WebPage\",\"@id\":\"https:\\\/\\\/www.literaturadefronteras.cl\\\/ldf\\\/tatiana-calderon-le-joliff\\\/#webpage\",\"url\":\"https:\\\/\\\/www.literaturadefronteras.cl\\\/ldf\\\/tatiana-calderon-le-joliff\\\/\",\"name\":\"Tatiana Calder\\u00f3n Le Joliff - Literatura de Fronteras\",\"description\":\"Tatiana Calder\\u00f3n Le Joliff INVESTIGADORA RESPONSABLE Tatiana Calder\\u00f3n Le Joliff es Doctora en Literatura Comparada (2007) de la Universidad de Paris XIII-Nord y de la Pontificia Universidad Cat\\u00f3lica de Chile. Su campo de investigaci\\u00f3n abarca las literaturas contempor\\u00e1neas franc\\u00f3fonas, hispan\\u00f3fonas y angl\\u00f3fonas, los estudios literarios fronterizos y migratorios, la po\\u00e9tica comparada y la mitocr\\u00edtica. Actualmente,\",\"inLanguage\":\"es-CL\",\"isPartOf\":{\"@id\":\"https:\\\/\\\/www.literaturadefronteras.cl\\\/ldf\\\/#website\"},\"breadcrumb\":{\"@id\":\"https:\\\/\\\/www.literaturadefronteras.cl\\\/ldf\\\/tatiana-calderon-le-joliff\\\/#breadcrumblist\"},\"datePublished\":\"2022-10-21T13:44:42+00:00\",\"dateModified\":\"2024-08-26T02:34:28+00:00\"},{\"@type\":\"WebSite\",\"@id\":\"https:\\\/\\\/www.literaturadefronteras.cl\\\/ldf\\\/#website\",\"url\":\"https:\\\/\\\/www.literaturadefronteras.cl\\\/ldf\\\/\",\"name\":\"Literatura de Fronteras\",\"description\":\"El presente proyecto (2015-2019) constituye la prolongacio\\u0301n y ampliacio\\u0301n del proyecto titulado \\u201cLa poe\\u0301tica de la frontera en la literatura hispanoamericana contempora\\u0301nea (Chile-Me\\u0301xico)\\u201d\",\"inLanguage\":\"es-CL\",\"publisher\":{\"@id\":\"https:\\\/\\\/www.literaturadefronteras.cl\\\/ldf\\\/#organization\"}}]}\n\t\t<\/script>\n\t\t<!-- All in One SEO -->\n\n","aioseo_head_json":{"title":"Tatiana Calder\u00f3n Le Joliff - Literatura de Fronteras","description":"Tatiana Calder\u00f3n Le Joliff INVESTIGADORA RESPONSABLE Tatiana Calder\u00f3n Le Joliff es Doctora en Literatura Comparada (2007) de la Universidad de Paris XIII-Nord y de la Pontificia Universidad Cat\u00f3lica de Chile. Su campo de investigaci\u00f3n abarca las literaturas contempor\u00e1neas franc\u00f3fonas, hispan\u00f3fonas y angl\u00f3fonas, los estudios literarios fronterizos y migratorios, la po\u00e9tica comparada y la mitocr\u00edtica. Actualmente,","canonical_url":"https:\/\/www.literaturadefronteras.cl\/ldf\/tatiana-calderon-le-joliff\/","robots":"max-image-preview:large","keywords":"","webmasterTools":{"miscellaneous":""},"schema":{"@context":"https:\/\/schema.org","@graph":[{"@type":"BreadcrumbList","@id":"https:\/\/www.literaturadefronteras.cl\/ldf\/tatiana-calderon-le-joliff\/#breadcrumblist","itemListElement":[{"@type":"ListItem","@id":"https:\/\/www.literaturadefronteras.cl\/ldf#listItem","position":1,"name":"Home","item":"https:\/\/www.literaturadefronteras.cl\/ldf","nextItem":{"@type":"ListItem","@id":"https:\/\/www.literaturadefronteras.cl\/ldf\/tatiana-calderon-le-joliff\/#listItem","name":"Tatiana Calder\u00f3n Le Joliff"}},{"@type":"ListItem","@id":"https:\/\/www.literaturadefronteras.cl\/ldf\/tatiana-calderon-le-joliff\/#listItem","position":2,"name":"Tatiana Calder\u00f3n Le Joliff","previousItem":{"@type":"ListItem","@id":"https:\/\/www.literaturadefronteras.cl\/ldf#listItem","name":"Home"}}]},{"@type":"Organization","@id":"https:\/\/www.literaturadefronteras.cl\/ldf\/#organization","name":"Literatura de Fronteras","description":"El presente proyecto (2015-2019) constituye la prolongacio\u0301n y ampliacio\u0301n del proyecto titulado \u201cLa poe\u0301tica de la frontera en la literatura hispanoamericana contempora\u0301nea (Chile-Me\u0301xico)\u201d","url":"https:\/\/www.literaturadefronteras.cl\/ldf\/","logo":{"@type":"ImageObject","url":"https:\/\/www.literaturadefronteras.cl\/ldf\/wp-content\/uploads\/2022\/10\/logo-literatura-fronteras.png","@id":"https:\/\/www.literaturadefronteras.cl\/ldf\/tatiana-calderon-le-joliff\/#organizationLogo","width":272,"height":90},"image":{"@id":"https:\/\/www.literaturadefronteras.cl\/ldf\/tatiana-calderon-le-joliff\/#organizationLogo"}},{"@type":"WebPage","@id":"https:\/\/www.literaturadefronteras.cl\/ldf\/tatiana-calderon-le-joliff\/#webpage","url":"https:\/\/www.literaturadefronteras.cl\/ldf\/tatiana-calderon-le-joliff\/","name":"Tatiana Calder\u00f3n Le Joliff - Literatura de Fronteras","description":"Tatiana Calder\u00f3n Le Joliff INVESTIGADORA RESPONSABLE Tatiana Calder\u00f3n Le Joliff es Doctora en Literatura Comparada (2007) de la Universidad de Paris XIII-Nord y de la Pontificia Universidad Cat\u00f3lica de Chile. Su campo de investigaci\u00f3n abarca las literaturas contempor\u00e1neas franc\u00f3fonas, hispan\u00f3fonas y angl\u00f3fonas, los estudios literarios fronterizos y migratorios, la po\u00e9tica comparada y la mitocr\u00edtica. Actualmente,","inLanguage":"es-CL","isPartOf":{"@id":"https:\/\/www.literaturadefronteras.cl\/ldf\/#website"},"breadcrumb":{"@id":"https:\/\/www.literaturadefronteras.cl\/ldf\/tatiana-calderon-le-joliff\/#breadcrumblist"},"datePublished":"2022-10-21T13:44:42+00:00","dateModified":"2024-08-26T02:34:28+00:00"},{"@type":"WebSite","@id":"https:\/\/www.literaturadefronteras.cl\/ldf\/#website","url":"https:\/\/www.literaturadefronteras.cl\/ldf\/","name":"Literatura de Fronteras","description":"El presente proyecto (2015-2019) constituye la prolongacio\u0301n y ampliacio\u0301n del proyecto titulado \u201cLa poe\u0301tica de la frontera en la literatura hispanoamericana contempora\u0301nea (Chile-Me\u0301xico)\u201d","inLanguage":"es-CL","publisher":{"@id":"https:\/\/www.literaturadefronteras.cl\/ldf\/#organization"}}]},"og:locale":"es_ES","og:site_name":"Literatura de Fronteras - El presente proyecto (2015-2019) constituye la prolongacio\u0301n y ampliacio\u0301n del proyecto titulado \u201cLa poe\u0301tica de la frontera en la literatura hispanoamericana contempora\u0301nea (Chile-Me\u0301xico)\u201d","og:type":"article","og:title":"Tatiana Calder\u00f3n Le Joliff - Literatura de Fronteras","og:description":"Tatiana Calder\u00f3n Le Joliff INVESTIGADORA RESPONSABLE Tatiana Calder\u00f3n Le Joliff es Doctora en Literatura Comparada (2007) de la Universidad de Paris XIII-Nord y de la Pontificia Universidad Cat\u00f3lica de Chile. Su campo de investigaci\u00f3n abarca las literaturas contempor\u00e1neas franc\u00f3fonas, hispan\u00f3fonas y angl\u00f3fonas, los estudios literarios fronterizos y migratorios, la po\u00e9tica comparada y la mitocr\u00edtica. Actualmente,","og:url":"https:\/\/www.literaturadefronteras.cl\/ldf\/tatiana-calderon-le-joliff\/","article:published_time":"2022-10-21T13:44:42+00:00","article:modified_time":"2024-08-26T02:34:28+00:00","twitter:card":"summary_large_image","twitter:title":"Tatiana Calder\u00f3n Le Joliff - Literatura de Fronteras","twitter:description":"Tatiana Calder\u00f3n Le Joliff INVESTIGADORA RESPONSABLE Tatiana Calder\u00f3n Le Joliff es Doctora en Literatura Comparada (2007) de la Universidad de Paris XIII-Nord y de la Pontificia Universidad Cat\u00f3lica de Chile. Su campo de investigaci\u00f3n abarca las literaturas contempor\u00e1neas franc\u00f3fonas, hispan\u00f3fonas y angl\u00f3fonas, los estudios literarios fronterizos y migratorios, la po\u00e9tica comparada y la mitocr\u00edtica. Actualmente,"},"aioseo_meta_data":{"post_id":"7634","title":null,"description":null,"keywords":null,"keyphrases":{"focus":{"keyphrase":"","score":0,"analysis":{"keyphraseInTitle":{"score":0,"maxScore":9,"error":1}}},"additional":[]},"primary_term":null,"canonical_url":null,"og_title":null,"og_description":null,"og_object_type":"default","og_image_type":"default","og_image_url":null,"og_image_width":null,"og_image_height":null,"og_image_custom_url":null,"og_image_custom_fields":null,"og_video":"","og_custom_url":null,"og_article_section":null,"og_article_tags":null,"twitter_use_og":false,"twitter_card":"default","twitter_image_type":"default","twitter_image_url":null,"twitter_image_custom_url":null,"twitter_image_custom_fields":null,"twitter_title":null,"twitter_description":null,"schema":{"blockGraphs":[],"customGraphs":[],"default":{"data":{"Article":[],"Course":[],"Dataset":[],"FAQPage":[],"Movie":[],"Person":[],"Product":[],"ProductReview":[],"Car":[],"Recipe":[],"Service":[],"SoftwareApplication":[],"WebPage":[]},"graphName":"WebPage","isEnabled":true},"graphs":[]},"schema_type":"default","schema_type_options":null,"pillar_content":false,"robots_default":true,"robots_noindex":false,"robots_noarchive":false,"robots_nosnippet":false,"robots_nofollow":false,"robots_noimageindex":false,"robots_noodp":false,"robots_notranslate":false,"robots_max_snippet":"-1","robots_max_videopreview":"-1","robots_max_imagepreview":"large","priority":null,"frequency":"default","local_seo":null,"breadcrumb_settings":null,"limit_modified_date":false,"ai":null,"created":"2022-10-21 13:16:05","updated":"2025-06-04 07:37:17","seo_analyzer_scan_date":null,"focus_keyword":null,"additional_keywords":null,"truseo_locale":null},"aioseo_breadcrumb":"<div class=\"aioseo-breadcrumbs\"><span class=\"aioseo-breadcrumb\">\n\t\t\t<a href=\"https:\/\/www.literaturadefronteras.cl\/ldf\" title=\"Home\">Home<\/a>\n\t\t<\/span><span class=\"aioseo-breadcrumb-separator\">&raquo;<\/span><span class=\"aioseo-breadcrumb\">\n\t\t\tTatiana Calder\u00f3n Le Joliff\n\t\t<\/span><\/div>","aioseo_breadcrumb_json":[{"label":"Home","link":"https:\/\/www.literaturadefronteras.cl\/ldf"},{"label":"Tatiana Calder\u00f3n Le Joliff","link":"https:\/\/www.literaturadefronteras.cl\/ldf\/tatiana-calderon-le-joliff\/"}],"_links":{"self":[{"href":"https:\/\/www.literaturadefronteras.cl\/ldf\/wp-json\/wp\/v2\/pages\/7634","targetHints":{"allow":["GET"]}}],"collection":[{"href":"https:\/\/www.literaturadefronteras.cl\/ldf\/wp-json\/wp\/v2\/pages"}],"about":[{"href":"https:\/\/www.literaturadefronteras.cl\/ldf\/wp-json\/wp\/v2\/types\/page"}],"author":[{"embeddable":true,"href":"https:\/\/www.literaturadefronteras.cl\/ldf\/wp-json\/wp\/v2\/users\/1"}],"replies":[{"embeddable":true,"href":"https:\/\/www.literaturadefronteras.cl\/ldf\/wp-json\/wp\/v2\/comments?post=7634"}],"version-history":[{"count":10,"href":"https:\/\/www.literaturadefronteras.cl\/ldf\/wp-json\/wp\/v2\/pages\/7634\/revisions"}],"predecessor-version":[{"id":8408,"href":"https:\/\/www.literaturadefronteras.cl\/ldf\/wp-json\/wp\/v2\/pages\/7634\/revisions\/8408"}],"wp:attachment":[{"href":"https:\/\/www.literaturadefronteras.cl\/ldf\/wp-json\/wp\/v2\/media?parent=7634"}],"curies":[{"name":"wp","href":"https:\/\/api.w.org\/{rel}","templated":true}]}}