{"id":8087,"date":"2022-11-11T00:52:12","date_gmt":"2022-11-11T00:52:12","guid":{"rendered":"https:\/\/www.literaturadefronteras.cl\/ldf\/?page_id=8087"},"modified":"2022-11-11T00:55:17","modified_gmt":"2022-11-11T00:55:17","slug":"helena-alzamora-abecassis","status":"publish","type":"page","link":"https:\/\/www.literaturadefronteras.cl\/ldf\/helena-alzamora-abecassis\/","title":{"rendered":"Helena Alzamora Abecassis"},"content":{"rendered":"<div id=\"tdi_1\" class=\"tdc-zone\"><div class=\"tdc_zone tdi_2  wpb_row td-pb-row\"  >\n<style scoped>\n\/* custom css - generated by TagDiv Composer *\/\n\n\/* custom css - generated by TagDiv Composer *\/\n\/* custom css - generated by TagDiv Composer *\/\n.tdi_2{\r\n                    min-height: 0;\r\n                }\n<\/style><div id=\"tdi_3\" class=\"tdc-row\"><div class=\"vc_row tdi_4  wpb_row td-pb-row\" >\n<style scoped>\n\/* custom css - generated by TagDiv Composer *\/\n\n\/* custom css - generated by TagDiv Composer *\/\n\/* custom css - generated by TagDiv Composer *\/\n.tdi_4,\r\n                .tdi_4 .tdc-columns{\r\n                    min-height: 0;\r\n                }.tdi_4,\r\n\t\t\t\t.tdi_4 .tdc-columns{\r\n\t\t\t\t    display: block;\r\n\t\t\t\t}.tdi_4 .tdc-columns{\r\n\t\t\t\t    width: 100%;\r\n\t\t\t\t}\n<\/style><div class=\"vc_column tdi_6  wpb_column vc_column_container tdc-column td-pb-span12\">\n<style scoped>\n\/* custom css - generated by TagDiv Composer *\/\n\n\/* custom css - generated by TagDiv Composer *\/\n\/* custom css - generated by TagDiv Composer *\/\n.tdi_6{\r\n                    vertical-align: baseline;\r\n                }.tdi_6 > .wpb_wrapper,\r\n\t\t\t\t.tdi_6 > .wpb_wrapper > .tdc-elements{\r\n\t\t\t\t    display: block;\r\n\t\t\t\t}.tdi_6 > .wpb_wrapper > .tdc-elements{\r\n\t\t\t\t    width: 100%;\r\n\t\t\t\t}.tdi_6 > .wpb_wrapper > .vc_row_inner{\r\n\t\t\t\t    width: auto;\r\n\t\t\t\t}.tdi_6 > .wpb_wrapper{\r\n\t\t\t\t    width: auto;\r\n\t\t\t\t    height: auto;\r\n\t\t\t\t}\n<\/style><div class=\"wpb_wrapper\" ><div class=\"tdm_block td_block_wrap tdm_block_column_title tdi_7 tdm-content-horiz-center td-pb-border-top td_block_template_1\"  data-td-block-uid=\"tdi_7\" >\n<style>\n\n\/* inline tdc_css att - generated by TagDiv Composer *\/\n\n.tdi_7{\npadding-top:70px !important;\npadding-bottom:0px !important;\n}\n\n\/* landscape *\/\n@media (min-width: 1019px) and (max-width: 1140px)\n{\n.tdi_7{\npadding-top:60px !important;\npadding-bottom:30px !important;\n}\n}\n\n\/* portrait *\/\n@media (min-width: 768px) and (max-width: 1018px)\n{\n.tdi_7{\npadding-top:40px !important;\npadding-bottom:25px !important;\n}\n}\n\n\/* phone *\/\n@media (max-width: 767px)\n{\n.tdi_7{\npadding-top:40px !important;\npadding-bottom:25px !important;\n}\n}\n\n<\/style>\n<style>\n\/* custom css - generated by TagDiv Composer *\/\n\/* custom css - generated by TagDiv Composer *\/\n.tdm_block_column_title{\r\n                  margin-bottom: 0;\r\n                  display: inline-block;\r\n                  width: 100%;\r\n                }\n<\/style><div class=\"td-block-row\"><div class=\"td-block-span12 tdm-col\">\n<style>\n\/* custom css - generated by TagDiv Composer *\/\n\/* custom css - generated by TagDiv Composer *\/\nbody .tdi_8 .tdm-title{\r\n\t\t\t\t\tbackground-color: #000000;\r\n\t\t\t\t\t-webkit-background-clip: text;\r\n\t\t\t\t\t-webkit-text-fill-color: transparent;\r\n\t\t\t\t}html[class*='ie'] .tdi_8 .tdm-title{\r\n\t\t\t\t    background: none;\r\n\t\t\t\t\tcolor: #000000;\r\n\t\t\t\t}.tdi_8 .tdm-title{\r\n\t\t\t\t\tfont-family:Chivo !important;font-size:54px !important;line-height:1.1 !important;font-weight:900 !important;\r\n\t\t\t\t}\n\n\/* landscape *\/\n@media (min-width: 1019px) and (max-width: 1140px){\n\/* custom css - generated by TagDiv Composer *\/\n.tdi_8 .tdm-title{\r\n\t\t\t\t\tfont-size:50px !important;\r\n\t\t\t\t}\n}\n\n\/* portrait *\/\n@media (min-width: 768px) and (max-width: 1018px){\n\/* custom css - generated by TagDiv Composer *\/\n.tdi_8 .tdm-title{\r\n\t\t\t\t\tfont-size:42px !important;\r\n\t\t\t\t}\n}\n\n\/* phone *\/\n@media (max-width: 767px){\n\/* custom css - generated by TagDiv Composer *\/\n.tdi_8 .tdm-title{\r\n\t\t\t\t\tfont-size:40px !important;\r\n\t\t\t\t}\n}\n<\/style><div class=\"tds-title tds-title1 td-fix-index tdi_8 \"><h3 class=\"tdm-title tdm-title-sm\">Helena Alzamora Abecassis<\/h3><\/div><\/div><\/div><\/div><div class=\"vc_row_inner tdi_10  vc_row vc_inner wpb_row td-pb-row\" >\n<style scoped>\n\/* custom css - generated by TagDiv Composer *\/\n\n\/* custom css - generated by TagDiv Composer *\/\n\/* custom css - generated by TagDiv Composer *\/\n.tdi_10{\r\n                    position: relative !important;\r\n                    top: 0;\r\n                    transform: none;\r\n                    -webkit-transform: none;\r\n                }.tdi_10,\r\n\t\t\t\t.tdi_10 .tdc-inner-columns{\r\n\t\t\t\t    display: block;\r\n\t\t\t\t}.tdi_10 .tdc-inner-columns{\r\n\t\t\t\t    width: 100%;\r\n\t\t\t\t}\n<\/style><div class=\"vc_column_inner tdi_12  wpb_column vc_column_container tdc-inner-column td-pb-span12\">\n<style scoped>\n\/* custom css - generated by TagDiv Composer *\/\n\n\/* custom css - generated by TagDiv Composer *\/\n\/* custom css - generated by TagDiv Composer *\/\n.tdi_12{\r\n                    vertical-align: baseline;\r\n                }.tdi_12 .vc_column-inner > .wpb_wrapper,\r\n\t\t\t\t.tdi_12 .vc_column-inner > .wpb_wrapper .tdc-elements{\r\n\t\t\t\t    display: block;\r\n\t\t\t\t}.tdi_12 .vc_column-inner > .wpb_wrapper .tdc-elements{\r\n\t\t\t\t    width: 100%;\r\n\t\t\t\t}\n<\/style><div class=\"vc_column-inner\"><div class=\"wpb_wrapper\" ><div class=\"td_block_wrap tds_plans_description tdi_13  td_block_template_1\"  data-td-block-uid=\"tdi_13\"  data-type-from-block=\"\">\n<style>\n\/* custom css - generated by TagDiv Composer *\/\n\/* custom css - generated by TagDiv Composer *\/\n.tds_plans_description{\r\n                    margin-bottom: 0;\r\n                    vertical-align: top;\r\n                }.tds_plans_description .tds-block-inner{\r\n                    display: flex;\r\n                }.tds_plans_description .tds-plan-desc,\r\n                .tds_plans_description .tds-pd-placeholder{\r\n                    font-family: var(--td_default_google_font_1, 'Open Sans', 'Open Sans Regular', sans-serif);\r\n                    font-size: 16px;\r\n                    line-height: 28px;\r\n                }.tds_plans_description .tds-plan-desc{\r\n                    -webkit-transform: translateZ(0);\r\n                    transform: translateZ(0);\r\n                    width: 100%;\r\n                    color: #666;\r\n                }.tds_plans_description .tds-show-plan-desc{\r\n                    display: none;\r\n                }.tds_plans_description .tds-show-plan-visible{\r\n                    display: block;\r\n                }.tds_plans_description .tds-pd-placeholder{\r\n                    width: 0;\r\n                    overflow: hidden;\r\n                    white-space: nowrap;\r\n                }body .tdi_13{\r\n                    vertical-align: top;\r\n                }body .tdi_13 .tds-plan-desc,\r\n                body .tdi_13 .tds-pd-placeholder{\r\n                    text-align: center;\r\n                }\n<\/style><div class=\"tds-block-inner td-fix-index\"><div class=\"tds-plan-desc tds-show-plan-desc\" data-type=\"year\">COLABORADORA<\/div><div class=\"tds-plan-placeholder tds-pd-placeholder\">placeholder text<\/div><\/div><\/div><\/div><\/div><\/div><\/div><\/div><\/div><\/div><\/div><div id=\"tdi_14\" class=\"tdc-row\"><div class=\"vc_row tdi_15  wpb_row td-pb-row\" >\n<style scoped>\n\/* custom css - generated by TagDiv Composer *\/\n\n\/* custom css - generated by TagDiv Composer *\/\n\/* custom css - generated by TagDiv Composer *\/\n.tdi_15,\r\n                .tdi_15 .tdc-columns{\r\n                    min-height: 0;\r\n                }.tdi_15,\r\n\t\t\t\t.tdi_15 .tdc-columns{\r\n\t\t\t\t    display: block;\r\n\t\t\t\t}.tdi_15 .tdc-columns{\r\n\t\t\t\t    width: 100%;\r\n\t\t\t\t}\n<\/style><div class=\"vc_column tdi_17  wpb_column vc_column_container tdc-column td-pb-span12\">\n<style scoped>\n\/* custom css - generated by TagDiv Composer *\/\n\n\/* custom css - generated by TagDiv Composer *\/\n\/* custom css - generated by TagDiv Composer *\/\n.tdi_17{\r\n                    vertical-align: baseline;\r\n                }.tdi_17 > .wpb_wrapper,\r\n\t\t\t\t.tdi_17 > .wpb_wrapper > .tdc-elements{\r\n\t\t\t\t    display: block;\r\n\t\t\t\t}.tdi_17 > .wpb_wrapper > .tdc-elements{\r\n\t\t\t\t    width: 100%;\r\n\t\t\t\t}.tdi_17 > .wpb_wrapper > .vc_row_inner{\r\n\t\t\t\t    width: auto;\r\n\t\t\t\t}.tdi_17 > .wpb_wrapper{\r\n\t\t\t\t    width: auto;\r\n\t\t\t\t    height: auto;\r\n\t\t\t\t}\n<\/style><div class=\"wpb_wrapper\" ><div class=\"vc_row_inner tdi_19  vc_row vc_inner wpb_row td-pb-row\" >\n<style scoped>\n\/* custom css - generated by TagDiv Composer *\/\n\n\/* custom css - generated by TagDiv Composer *\/\n\/* custom css - generated by TagDiv Composer *\/\n.tdi_19{\r\n                    position: relative !important;\r\n                    top: 0;\r\n                    transform: none;\r\n                    -webkit-transform: none;\r\n                }.tdi_19,\r\n\t\t\t\t.tdi_19 .tdc-inner-columns{\r\n\t\t\t\t    display: block;\r\n\t\t\t\t}.tdi_19 .tdc-inner-columns{\r\n\t\t\t\t    width: 100%;\r\n\t\t\t\t}\n<\/style><div class=\"vc_column_inner tdi_21  wpb_column vc_column_container tdc-inner-column td-pb-span12\">\n<style scoped>\n\/* custom css - generated by TagDiv Composer *\/\n\n\/* custom css - generated by TagDiv Composer *\/\n\/* custom css - generated by TagDiv Composer *\/\n.tdi_21{\r\n                    vertical-align: baseline;\r\n                }.tdi_21 .vc_column-inner > .wpb_wrapper,\r\n\t\t\t\t.tdi_21 .vc_column-inner > .wpb_wrapper .tdc-elements{\r\n\t\t\t\t    display: block;\r\n\t\t\t\t}.tdi_21 .vc_column-inner > .wpb_wrapper .tdc-elements{\r\n\t\t\t\t    width: 100%;\r\n\t\t\t\t}\n<\/style><div class=\"vc_column-inner\"><div class=\"wpb_wrapper\" ><div class=\"tdm_block td_block_wrap tdm_block_text_image tdi_22 td-animation-stack tdm-layout-23-13 tdm-content-horiz-left tdm-content-vert-center td-pb-border-top td_block_template_1\"  data-td-block-uid=\"tdi_22\" >\n<style>\n\/* custom css - generated by TagDiv Composer *\/\n\/* custom css - generated by TagDiv Composer *\/\n\r\n                \r\n                .tdm_block_text_image .tdm-text-wrap{\r\n                  padding-top: 20px;\r\n                  padding-bottom: 20px;\r\n                }.tdm_block_text_image .tdm-descr{\r\n                  margin-bottom: 0;\r\n                }.tdm_block_text_image .tds-button{\r\n                  margin-top: 30px;\r\n                }.tdi_22 .tdm-descr{\r\n                    color: #0a0a0a;\r\n                \r\n\t\t\t\t\tfont-size:26px !important;line-height:130% !important;letter-spacing:- !important;\r\n\t\t\t\t}@media (min-width: 767px) {\r\n                  .tdm_block_text_image.tdm-text-image-extend-img {\r\n                    margin-right: calc((-100vw + 100%) \/ 2);\r\n                  }\r\n                  .tdm_block_text_image.tdm-text-image-extend-img.tdm-flip-yes {\r\n                    margin-right: 0;\r\n                    margin-left: calc((-100vw + 100%) \/ 2);\r\n                  }\r\n                  .tdm_block_text_image.tdm-text-image-extend-img.tdm-flip-yes .tdm-col-img {\r\n                    text-align: right;\r\n                  }\r\n                }@media (max-width: 767px) {\r\n                  .tdm_block_text_image .tdm-col-img {\r\n                    margin-top: 36px;\r\n                  }\r\n                  .tdm_block_text_image.tdm-flip-yes .tdm-col-img {\r\n                    margin-top: 0;\r\n                    margin-bottom: 15px;\r\n                  }\r\n                }\n<\/style><div class=\"td-block-width tdm-fix-full\"><div class=\"td-block-row tdm-row\"><div class=\"td-block-span6 tdm-col\"><div class=\"tdm-text-wrap tdm-text-padding\">\n<style>\n\/* custom css - generated by TagDiv Composer *\/\n\/* custom css - generated by TagDiv Composer *\/\n.tdi_23 .tdm-title{\r\n\t\t\t\t\tfont-size:80px !important;font-weight:700 !important;\r\n\t\t\t\t}\n<\/style><div class=\"tds-title tds-title1 td-fix-index tdi_23 \"><h1 class=\"tdm-title tdm-title-bg\"><\/h1><\/div><p class=\"tdm-descr td-fix-index\"><strong>Helena Alzamora Abecassis es Periodista, Licenciada en Comunicaci\u00f3n Social y Profesora de Lengua Castella y Comunicaci\u00f3n.<\/strong><br\/>Actualmente cursa el Mag\u00edster en Literatura Comparada de la Universidad Adolfo Ib\u00e1\u00f1ez e integra el equipo del Fondecyt Regular N\u00b01220637: \u201cCorpografi\u0301as en la literatura de migracio\u0301n: Las Ame\u0301ricas (2000-2020)\u201d. Su \u00e1rea de estudio es la literatura migrante franc\u00f3fona de Qu\u00e9bec.\n<\/p><\/div><\/div><div class=\"td-block-span6 tdm-col tdm-col-img\"><img class=\"tdm-image td-fix-index td-lazy-img\" data-type=\"image_tag\" data-img-url=\"https:\/\/www.literaturadefronteras.cl\/ldf\/wp-content\/uploads\/2022\/11\/HAlzamora-foto-e1668128805642.jpg\"  title=\"HAlzamora foto\" width=\"599\" height=\"599\"><\/div><\/div><\/div><\/div><\/div><\/div><\/div><\/div><div class=\"wpb_wrapper td_block_empty_space td_block_wrap vc_empty_space tdi_25 \"  style=\"height: 350px\"><\/div><\/div><\/div><\/div><\/div><\/div><\/div>","protected":false},"excerpt":{"rendered":"","protected":false},"author":1,"featured_media":0,"parent":0,"menu_order":0,"comment_status":"closed","ping_status":"closed","template":"","meta":{"footnotes":""},"class_list":["post-8087","page","type-page","status-publish"],"aioseo_notices":[],"aioseo_head":"\n\t\t<!-- All in One SEO 5.0.1.1 - aioseo.com -->\n\t<meta name=\"description\" content=\"Helena Alzamora Abecassis COLABORADORAplaceholder text Helena Alzamora Abecassis es Periodista, Licenciada en Comunicaci\u00f3n Social y Profesora de Lengua Castella y Comunicaci\u00f3n.Actualmente cursa el Mag\u00edster en Literatura Comparada de la Universidad Adolfo Ib\u00e1\u00f1ez e integra el equipo del Fondecyt Regular N\u00b01220637: \u201cCorpografi\u0301as en la literatura de migracio\u0301n: Las Ame\u0301ricas (2000-2020)\u201d. Su \u00e1rea de estudio es la\" \/>\n\t<meta name=\"robots\" content=\"max-image-preview:large\" \/>\n\t<link rel=\"canonical\" href=\"https:\/\/www.literaturadefronteras.cl\/ldf\/helena-alzamora-abecassis\/\" \/>\n\t<meta name=\"generator\" content=\"All in One SEO (AIOSEO) 5.0.1.1\" \/>\n\t\t<meta property=\"og:locale\" content=\"es_ES\" \/>\n\t\t<meta property=\"og:site_name\" content=\"Literatura de Fronteras - El presente proyecto (2015-2019) constituye la prolongacio\u0301n y ampliacio\u0301n del proyecto titulado \u201cLa poe\u0301tica de la frontera en la literatura hispanoamericana contempora\u0301nea (Chile-Me\u0301xico)\u201d\" \/>\n\t\t<meta property=\"og:type\" content=\"article\" \/>\n\t\t<meta property=\"og:title\" content=\"Helena Alzamora Abecassis - Literatura de Fronteras\" \/>\n\t\t<meta property=\"og:description\" content=\"Helena Alzamora Abecassis COLABORADORAplaceholder text Helena Alzamora Abecassis es Periodista, Licenciada en Comunicaci\u00f3n Social y Profesora de Lengua Castella y Comunicaci\u00f3n.Actualmente cursa el Mag\u00edster en Literatura Comparada de la Universidad Adolfo Ib\u00e1\u00f1ez e integra el equipo del Fondecyt Regular N\u00b01220637: \u201cCorpografi\u0301as en la literatura de migracio\u0301n: Las Ame\u0301ricas (2000-2020)\u201d. Su \u00e1rea de estudio es la\" \/>\n\t\t<meta property=\"og:url\" content=\"https:\/\/www.literaturadefronteras.cl\/ldf\/helena-alzamora-abecassis\/\" \/>\n\t\t<meta property=\"article:published_time\" content=\"2022-11-11T00:52:12+00:00\" \/>\n\t\t<meta property=\"article:modified_time\" content=\"2022-11-11T00:55:17+00:00\" \/>\n\t\t<meta name=\"twitter:card\" content=\"summary_large_image\" \/>\n\t\t<meta name=\"twitter:title\" content=\"Helena Alzamora Abecassis - Literatura de Fronteras\" \/>\n\t\t<meta name=\"twitter:description\" content=\"Helena Alzamora Abecassis COLABORADORAplaceholder text Helena Alzamora Abecassis es Periodista, Licenciada en Comunicaci\u00f3n Social y Profesora de Lengua Castella y Comunicaci\u00f3n.Actualmente cursa el Mag\u00edster en Literatura Comparada de la Universidad Adolfo Ib\u00e1\u00f1ez e integra el equipo del Fondecyt Regular N\u00b01220637: \u201cCorpografi\u0301as en la literatura de migracio\u0301n: Las Ame\u0301ricas (2000-2020)\u201d. Su \u00e1rea de estudio es la\" \/>\n\t\t<script type=\"application\/ld+json\" class=\"aioseo-schema\">\n\t\t\t{\"@context\":\"https:\\\/\\\/schema.org\",\"@graph\":[{\"@type\":\"BreadcrumbList\",\"@id\":\"https:\\\/\\\/www.literaturadefronteras.cl\\\/ldf\\\/helena-alzamora-abecassis\\\/#breadcrumblist\",\"itemListElement\":[{\"@type\":\"ListItem\",\"@id\":\"https:\\\/\\\/www.literaturadefronteras.cl\\\/ldf#listItem\",\"position\":1,\"name\":\"Home\",\"item\":\"https:\\\/\\\/www.literaturadefronteras.cl\\\/ldf\",\"nextItem\":{\"@type\":\"ListItem\",\"@id\":\"https:\\\/\\\/www.literaturadefronteras.cl\\\/ldf\\\/helena-alzamora-abecassis\\\/#listItem\",\"name\":\"Helena Alzamora Abecassis\"}},{\"@type\":\"ListItem\",\"@id\":\"https:\\\/\\\/www.literaturadefronteras.cl\\\/ldf\\\/helena-alzamora-abecassis\\\/#listItem\",\"position\":2,\"name\":\"Helena Alzamora Abecassis\",\"previousItem\":{\"@type\":\"ListItem\",\"@id\":\"https:\\\/\\\/www.literaturadefronteras.cl\\\/ldf#listItem\",\"name\":\"Home\"}}]},{\"@type\":\"Organization\",\"@id\":\"https:\\\/\\\/www.literaturadefronteras.cl\\\/ldf\\\/#organization\",\"name\":\"Literatura de Fronteras\",\"description\":\"El presente proyecto (2015-2019) constituye la prolongacio\\u0301n y ampliacio\\u0301n del proyecto titulado \\u201cLa poe\\u0301tica de la frontera en la literatura hispanoamericana contempora\\u0301nea (Chile-Me\\u0301xico)\\u201d\",\"url\":\"https:\\\/\\\/www.literaturadefronteras.cl\\\/ldf\\\/\",\"logo\":{\"@type\":\"ImageObject\",\"url\":\"https:\\\/\\\/www.literaturadefronteras.cl\\\/ldf\\\/wp-content\\\/uploads\\\/2022\\\/10\\\/logo-literatura-fronteras.png\",\"@id\":\"https:\\\/\\\/www.literaturadefronteras.cl\\\/ldf\\\/helena-alzamora-abecassis\\\/#organizationLogo\",\"width\":272,\"height\":90},\"image\":{\"@id\":\"https:\\\/\\\/www.literaturadefronteras.cl\\\/ldf\\\/helena-alzamora-abecassis\\\/#organizationLogo\"}},{\"@type\":\"WebPage\",\"@id\":\"https:\\\/\\\/www.literaturadefronteras.cl\\\/ldf\\\/helena-alzamora-abecassis\\\/#webpage\",\"url\":\"https:\\\/\\\/www.literaturadefronteras.cl\\\/ldf\\\/helena-alzamora-abecassis\\\/\",\"name\":\"Helena Alzamora Abecassis - Literatura de Fronteras\",\"description\":\"Helena Alzamora Abecassis COLABORADORAplaceholder text Helena Alzamora Abecassis es Periodista, Licenciada en Comunicaci\\u00f3n Social y Profesora de Lengua Castella y Comunicaci\\u00f3n.Actualmente cursa el Mag\\u00edster en Literatura Comparada de la Universidad Adolfo Ib\\u00e1\\u00f1ez e integra el equipo del Fondecyt Regular N\\u00b01220637: \\u201cCorpografi\\u0301as en la literatura de migracio\\u0301n: Las Ame\\u0301ricas (2000-2020)\\u201d. Su \\u00e1rea de estudio es la\",\"inLanguage\":\"es-CL\",\"isPartOf\":{\"@id\":\"https:\\\/\\\/www.literaturadefronteras.cl\\\/ldf\\\/#website\"},\"breadcrumb\":{\"@id\":\"https:\\\/\\\/www.literaturadefronteras.cl\\\/ldf\\\/helena-alzamora-abecassis\\\/#breadcrumblist\"},\"datePublished\":\"2022-11-11T00:52:12+00:00\",\"dateModified\":\"2022-11-11T00:55:17+00:00\"},{\"@type\":\"WebSite\",\"@id\":\"https:\\\/\\\/www.literaturadefronteras.cl\\\/ldf\\\/#website\",\"url\":\"https:\\\/\\\/www.literaturadefronteras.cl\\\/ldf\\\/\",\"name\":\"Literatura de Fronteras\",\"description\":\"El presente proyecto (2015-2019) constituye la prolongacio\\u0301n y ampliacio\\u0301n del proyecto titulado \\u201cLa poe\\u0301tica de la frontera en la literatura hispanoamericana contempora\\u0301nea (Chile-Me\\u0301xico)\\u201d\",\"inLanguage\":\"es-CL\",\"publisher\":{\"@id\":\"https:\\\/\\\/www.literaturadefronteras.cl\\\/ldf\\\/#organization\"}}]}\n\t\t<\/script>\n\t\t<!-- All in One SEO -->\n\n","aioseo_head_json":{"title":"Helena Alzamora Abecassis - Literatura de Fronteras","description":"Helena Alzamora Abecassis COLABORADORAplaceholder text Helena Alzamora Abecassis es Periodista, Licenciada en Comunicaci\u00f3n Social y Profesora de Lengua Castella y Comunicaci\u00f3n.Actualmente cursa el Mag\u00edster en Literatura Comparada de la Universidad Adolfo Ib\u00e1\u00f1ez e integra el equipo del Fondecyt Regular N\u00b01220637: \u201cCorpografi\u0301as en la literatura de migracio\u0301n: Las Ame\u0301ricas (2000-2020)\u201d. Su \u00e1rea de estudio es la","canonical_url":"https:\/\/www.literaturadefronteras.cl\/ldf\/helena-alzamora-abecassis\/","robots":"max-image-preview:large","keywords":"","webmasterTools":{"miscellaneous":""},"schema":{"@context":"https:\/\/schema.org","@graph":[{"@type":"BreadcrumbList","@id":"https:\/\/www.literaturadefronteras.cl\/ldf\/helena-alzamora-abecassis\/#breadcrumblist","itemListElement":[{"@type":"ListItem","@id":"https:\/\/www.literaturadefronteras.cl\/ldf#listItem","position":1,"name":"Home","item":"https:\/\/www.literaturadefronteras.cl\/ldf","nextItem":{"@type":"ListItem","@id":"https:\/\/www.literaturadefronteras.cl\/ldf\/helena-alzamora-abecassis\/#listItem","name":"Helena Alzamora Abecassis"}},{"@type":"ListItem","@id":"https:\/\/www.literaturadefronteras.cl\/ldf\/helena-alzamora-abecassis\/#listItem","position":2,"name":"Helena Alzamora Abecassis","previousItem":{"@type":"ListItem","@id":"https:\/\/www.literaturadefronteras.cl\/ldf#listItem","name":"Home"}}]},{"@type":"Organization","@id":"https:\/\/www.literaturadefronteras.cl\/ldf\/#organization","name":"Literatura de Fronteras","description":"El presente proyecto (2015-2019) constituye la prolongacio\u0301n y ampliacio\u0301n del proyecto titulado \u201cLa poe\u0301tica de la frontera en la literatura hispanoamericana contempora\u0301nea (Chile-Me\u0301xico)\u201d","url":"https:\/\/www.literaturadefronteras.cl\/ldf\/","logo":{"@type":"ImageObject","url":"https:\/\/www.literaturadefronteras.cl\/ldf\/wp-content\/uploads\/2022\/10\/logo-literatura-fronteras.png","@id":"https:\/\/www.literaturadefronteras.cl\/ldf\/helena-alzamora-abecassis\/#organizationLogo","width":272,"height":90},"image":{"@id":"https:\/\/www.literaturadefronteras.cl\/ldf\/helena-alzamora-abecassis\/#organizationLogo"}},{"@type":"WebPage","@id":"https:\/\/www.literaturadefronteras.cl\/ldf\/helena-alzamora-abecassis\/#webpage","url":"https:\/\/www.literaturadefronteras.cl\/ldf\/helena-alzamora-abecassis\/","name":"Helena Alzamora Abecassis - Literatura de Fronteras","description":"Helena Alzamora Abecassis COLABORADORAplaceholder text Helena Alzamora Abecassis es Periodista, Licenciada en Comunicaci\u00f3n Social y Profesora de Lengua Castella y Comunicaci\u00f3n.Actualmente cursa el Mag\u00edster en Literatura Comparada de la Universidad Adolfo Ib\u00e1\u00f1ez e integra el equipo del Fondecyt Regular N\u00b01220637: \u201cCorpografi\u0301as en la literatura de migracio\u0301n: Las Ame\u0301ricas (2000-2020)\u201d. Su \u00e1rea de estudio es la","inLanguage":"es-CL","isPartOf":{"@id":"https:\/\/www.literaturadefronteras.cl\/ldf\/#website"},"breadcrumb":{"@id":"https:\/\/www.literaturadefronteras.cl\/ldf\/helena-alzamora-abecassis\/#breadcrumblist"},"datePublished":"2022-11-11T00:52:12+00:00","dateModified":"2022-11-11T00:55:17+00:00"},{"@type":"WebSite","@id":"https:\/\/www.literaturadefronteras.cl\/ldf\/#website","url":"https:\/\/www.literaturadefronteras.cl\/ldf\/","name":"Literatura de Fronteras","description":"El presente proyecto (2015-2019) constituye la prolongacio\u0301n y ampliacio\u0301n del proyecto titulado \u201cLa poe\u0301tica de la frontera en la literatura hispanoamericana contempora\u0301nea (Chile-Me\u0301xico)\u201d","inLanguage":"es-CL","publisher":{"@id":"https:\/\/www.literaturadefronteras.cl\/ldf\/#organization"}}]},"og:locale":"es_ES","og:site_name":"Literatura de Fronteras - El presente proyecto (2015-2019) constituye la prolongacio\u0301n y ampliacio\u0301n del proyecto titulado \u201cLa poe\u0301tica de la frontera en la literatura hispanoamericana contempora\u0301nea (Chile-Me\u0301xico)\u201d","og:type":"article","og:title":"Helena Alzamora Abecassis - Literatura de Fronteras","og:description":"Helena Alzamora Abecassis COLABORADORAplaceholder text Helena Alzamora Abecassis es Periodista, Licenciada en Comunicaci\u00f3n Social y Profesora de Lengua Castella y Comunicaci\u00f3n.Actualmente cursa el Mag\u00edster en Literatura Comparada de la Universidad Adolfo Ib\u00e1\u00f1ez e integra el equipo del Fondecyt Regular N\u00b01220637: \u201cCorpografi\u0301as en la literatura de migracio\u0301n: Las Ame\u0301ricas (2000-2020)\u201d. Su \u00e1rea de estudio es la","og:url":"https:\/\/www.literaturadefronteras.cl\/ldf\/helena-alzamora-abecassis\/","article:published_time":"2022-11-11T00:52:12+00:00","article:modified_time":"2022-11-11T00:55:17+00:00","twitter:card":"summary_large_image","twitter:title":"Helena Alzamora Abecassis - Literatura de Fronteras","twitter:description":"Helena Alzamora Abecassis COLABORADORAplaceholder text Helena Alzamora Abecassis es Periodista, Licenciada en Comunicaci\u00f3n Social y Profesora de Lengua Castella y Comunicaci\u00f3n.Actualmente cursa el Mag\u00edster en Literatura Comparada de la Universidad Adolfo Ib\u00e1\u00f1ez e integra el equipo del Fondecyt Regular N\u00b01220637: \u201cCorpografi\u0301as en la literatura de migracio\u0301n: Las Ame\u0301ricas (2000-2020)\u201d. Su \u00e1rea de estudio es la"},"aioseo_meta_data":{"post_id":"8087","title":null,"description":null,"keywords":null,"keyphrases":null,"primary_term":null,"canonical_url":null,"og_title":null,"og_description":null,"og_object_type":"default","og_image_type":"default","og_image_url":null,"og_image_width":null,"og_image_height":null,"og_image_custom_url":null,"og_image_custom_fields":null,"og_video":null,"og_custom_url":null,"og_article_section":null,"og_article_tags":null,"twitter_use_og":false,"twitter_card":"default","twitter_image_type":"default","twitter_image_url":null,"twitter_image_custom_url":null,"twitter_image_custom_fields":null,"twitter_title":null,"twitter_description":null,"schema":{"blockGraphs":[],"customGraphs":[],"default":{"data":{"Article":[],"Course":[],"Dataset":[],"FAQPage":[],"Movie":[],"Person":[],"Product":[],"ProductReview":[],"Car":[],"Recipe":[],"Service":[],"SoftwareApplication":[],"WebPage":[]},"graphName":"","isEnabled":true},"graphs":[]},"schema_type":"default","schema_type_options":null,"pillar_content":false,"robots_default":true,"robots_noindex":false,"robots_noarchive":false,"robots_nosnippet":false,"robots_nofollow":false,"robots_noimageindex":false,"robots_noodp":false,"robots_notranslate":false,"robots_max_snippet":null,"robots_max_videopreview":null,"robots_max_imagepreview":"large","priority":null,"frequency":null,"local_seo":null,"breadcrumb_settings":null,"limit_modified_date":false,"ai":null,"created":"2022-11-11 01:01:09","updated":"2025-06-04 08:07:17","seo_analyzer_scan_date":null,"focus_keyword":null,"additional_keywords":null,"truseo_locale":null},"aioseo_breadcrumb":"<div class=\"aioseo-breadcrumbs\"><span class=\"aioseo-breadcrumb\">\n\t\t\t<a href=\"https:\/\/www.literaturadefronteras.cl\/ldf\" title=\"Home\">Home<\/a>\n\t\t<\/span><span class=\"aioseo-breadcrumb-separator\">&raquo;<\/span><span class=\"aioseo-breadcrumb\">\n\t\t\tHelena Alzamora Abecassis\n\t\t<\/span><\/div>","aioseo_breadcrumb_json":[{"label":"Home","link":"https:\/\/www.literaturadefronteras.cl\/ldf"},{"label":"Helena Alzamora Abecassis","link":"https:\/\/www.literaturadefronteras.cl\/ldf\/helena-alzamora-abecassis\/"}],"_links":{"self":[{"href":"https:\/\/www.literaturadefronteras.cl\/ldf\/wp-json\/wp\/v2\/pages\/8087","targetHints":{"allow":["GET"]}}],"collection":[{"href":"https:\/\/www.literaturadefronteras.cl\/ldf\/wp-json\/wp\/v2\/pages"}],"about":[{"href":"https:\/\/www.literaturadefronteras.cl\/ldf\/wp-json\/wp\/v2\/types\/page"}],"author":[{"embeddable":true,"href":"https:\/\/www.literaturadefronteras.cl\/ldf\/wp-json\/wp\/v2\/users\/1"}],"replies":[{"embeddable":true,"href":"https:\/\/www.literaturadefronteras.cl\/ldf\/wp-json\/wp\/v2\/comments?post=8087"}],"version-history":[{"count":4,"href":"https:\/\/www.literaturadefronteras.cl\/ldf\/wp-json\/wp\/v2\/pages\/8087\/revisions"}],"predecessor-version":[{"id":8092,"href":"https:\/\/www.literaturadefronteras.cl\/ldf\/wp-json\/wp\/v2\/pages\/8087\/revisions\/8092"}],"wp:attachment":[{"href":"https:\/\/www.literaturadefronteras.cl\/ldf\/wp-json\/wp\/v2\/media?parent=8087"}],"curies":[{"name":"wp","href":"https:\/\/api.w.org\/{rel}","templated":true}]}}